{"id":7517,"date":"2020-03-26T13:07:34","date_gmt":"2020-03-26T12:07:34","guid":{"rendered":"https:\/\/dev.lascuevitasdelachata.com\/las-cuevitas-de-la-chata\/"},"modified":"2024-01-24T09:51:01","modified_gmt":"2024-01-24T08:51:01","slug":"las-cuevitas-de-la-chata","status":"publish","type":"page","link":"https:\/\/dev.lascuevitasdelachata.com\/ca\/","title":{"rendered":"Las Cuevitas de la Chata"},"content":{"rendered":"\t\t<div data-elementor-type=\"wp-page\" data-elementor-id=\"7517\" class=\"elementor elementor-7517 elementor-1765\">\n\t\t\t\t<div class=\"elementor-element elementor-element-8bc546e e-con-full home-intro e-flex e-con e-parent\" data-id=\"8bc546e\" data-element_type=\"container\" data-settings=\"{&quot;background_background&quot;:&quot;classic&quot;,&quot;content_width&quot;:&quot;full&quot;}\" data-core-v316-plus=\"true\">\n\t\t<div class=\"elementor-element elementor-element-1a1a5e3 e-con-full col-img e-flex e-con e-child\" data-id=\"1a1a5e3\" data-element_type=\"container\" data-settings=\"{&quot;content_width&quot;:&quot;full&quot;}\">\n\t\t\t\t<div class=\"elementor-element elementor-element-c50688a elementor-widget elementor-widget-image\" data-id=\"c50688a\" data-element_type=\"widget\" data-widget_type=\"image.default\">\n\t\t\t\t<div class=\"elementor-widget-container\">\n\t\t\t<style>\/*! elementor - v3.19.0 - 05-02-2024 *\/\n.elementor-widget-image{text-align:center}.elementor-widget-image a{display:inline-block}.elementor-widget-image a img[src$=\".svg\"]{width:48px}.elementor-widget-image img{vertical-align:middle;display:inline-block}<\/style>\t\t\t\t\t\t\t\t\t\t<img fetchpriority=\"high\" decoding=\"async\" width=\"1500\" height=\"2000\" src=\"https:\/\/dev.lascuevitasdelachata.com\/wp-content\/uploads\/2021\/03\/cuevitas-chata-4-terraza.jpg\" class=\"attachment-full size-full wp-image-4739\" alt=\"\" srcset=\"https:\/\/dev.lascuevitasdelachata.com\/wp-content\/uploads\/2021\/03\/cuevitas-chata-4-terraza.jpg 1500w, https:\/\/dev.lascuevitasdelachata.com\/wp-content\/uploads\/2021\/03\/cuevitas-chata-4-terraza-600x800.jpg 600w, https:\/\/dev.lascuevitasdelachata.com\/wp-content\/uploads\/2021\/03\/cuevitas-chata-4-terraza-225x300.jpg 225w, https:\/\/dev.lascuevitasdelachata.com\/wp-content\/uploads\/2021\/03\/cuevitas-chata-4-terraza-768x1024.jpg 768w, https:\/\/dev.lascuevitasdelachata.com\/wp-content\/uploads\/2021\/03\/cuevitas-chata-4-terraza-1152x1536.jpg 1152w\" sizes=\"(max-width: 1500px) 100vw, 1500px\" \/>\t\t\t\t\t\t\t\t\t\t\t\t\t<\/div>\n\t\t\t\t<\/div>\n\t\t\t\t<\/div>\n\t\t<div class=\"elementor-element elementor-element-6d98b56 col-content e-flex e-con-boxed e-con e-child\" data-id=\"6d98b56\" data-element_type=\"container\" data-settings=\"{&quot;content_width&quot;:&quot;boxed&quot;}\">\n\t\t\t\t\t<div class=\"e-con-inner\">\n\t\t<div class=\"elementor-element elementor-element-44d34dd e-con-full col-text e-flex e-con e-child\" data-id=\"44d34dd\" data-element_type=\"container\" data-settings=\"{&quot;content_width&quot;:&quot;full&quot;}\">\n\t\t<div class=\"elementor-element elementor-element-dee7afe text-wrap e-con-full e-flex e-con e-child\" data-id=\"dee7afe\" data-element_type=\"container\" data-settings=\"{&quot;content_width&quot;:&quot;full&quot;}\">\n\t\t\t\t<div class=\"elementor-element elementor-element-7f7ffbc elementor-widget__width-initial elementor-widget-mobile__width-initial elementor-widget elementor-widget-heading\" data-id=\"7f7ffbc\" data-element_type=\"widget\" data-widget_type=\"heading.default\">\n\t\t\t\t<div class=\"elementor-widget-container\">\n\t\t\t<style>\/*! elementor - v3.19.0 - 05-02-2024 *\/\n.elementor-heading-title{padding:0;margin:0;line-height:1}.elementor-widget-heading .elementor-heading-title[class*=elementor-size-]>a{color:inherit;font-size:inherit;line-height:inherit}.elementor-widget-heading .elementor-heading-title.elementor-size-small{font-size:15px}.elementor-widget-heading .elementor-heading-title.elementor-size-medium{font-size:19px}.elementor-widget-heading .elementor-heading-title.elementor-size-large{font-size:29px}.elementor-widget-heading .elementor-heading-title.elementor-size-xl{font-size:39px}.elementor-widget-heading .elementor-heading-title.elementor-size-xxl{font-size:59px}<\/style><h1 class=\"elementor-heading-title elementor-size-default\">Lloguer de vacances a Calafat<\/h1>\t\t<\/div>\n\t\t\t\t<\/div>\n\t\t\t\t<div class=\"elementor-element elementor-element-3f14d13 elementor-widget elementor-widget-heading\" data-id=\"3f14d13\" data-element_type=\"widget\" data-widget_type=\"heading.default\">\n\t\t\t\t<div class=\"elementor-widget-container\">\n\t\t\t<p class=\"elementor-heading-title elementor-size-default\"><strong> Descobreix Calafat!<\/strong><\/p>\t\t<\/div>\n\t\t\t\t<\/div>\n\t\t\t\t<div class=\"elementor-element elementor-element-c859c0b elementor-widget elementor-widget-heading\" data-id=\"c859c0b\" data-element_type=\"widget\" data-widget_type=\"heading.default\">\n\t\t\t\t<div class=\"elementor-widget-container\">\n\t\t\t<p class=\"elementor-heading-title elementor-size-default\">Lloga els nostres apartaments de vacances per viure unes vacances inoblidables. Situats al cor de Calafat, ofereixen comoditat, luxe i acc\u00e9s a platges precioses. Amb tarifes assequibles, garantim una estada \u00fanica en aquest parad\u00eds. Reserva ara i submergeix-te en la m\u00e0gia de Calafat!<\/p>\t\t<\/div>\n\t\t\t\t<\/div>\n\t\t\t\t<\/div>\n\t\t<div class=\"elementor-element elementor-element-016f228 e-con-full e-flex e-con e-child\" data-id=\"016f228\" data-element_type=\"container\" data-settings=\"{&quot;background_background&quot;:&quot;classic&quot;,&quot;content_width&quot;:&quot;full&quot;}\">\n\t\t\t\t<div class=\"elementor-element elementor-element-c2ed95f elementor-widget__width-initial elementor-widget-mobile__width-inherit elementor-widget elementor-widget-heading\" data-id=\"c2ed95f\" data-element_type=\"widget\" data-widget_type=\"heading.default\">\n\t\t\t\t<div class=\"elementor-widget-container\">\n\t\t\t<h2 class=\"elementor-heading-title elementor-size-default\">Troba la teva Cuevita<\/h2>\t\t<\/div>\n\t\t\t\t<\/div>\n\t\t\t\t<div class=\"elementor-element elementor-element-1dd1d7b home-search-form elementor-widget-mobile__width-inherit elementor-widget elementor-widget-mphbe-search-form\" data-id=\"1dd1d7b\" data-element_type=\"widget\" data-settings=\"{&quot;hide_tips&quot;:&quot;yes&quot;,&quot;hide_labels&quot;:&quot;no&quot;,&quot;no_paddings&quot;:&quot;no&quot;,&quot;stretch_btn&quot;:&quot;no&quot;}\" data-widget_type=\"mphbe-search-form.default\">\n\t\t\t\t<div class=\"elementor-widget-container\">\n\t\t\t<div class=\"mphb_sc_search-wrapper is-style-horizontal-form mphbs-hide-rf-tip \">\n<form method=\"GET\" class=\"mphb_sc_search-form\" action=\"https:\/\/dev.lascuevitasdelachata.com\/ca\/resultats-de-la-cerca\/\" data-first_available_check_in_date=\"2027-09-06\">\n\n\t<p class = \"mphb-required-fields-tip\">\n\t<small>\n\t\tRequired fields are followed by\t\t<abbr title=\"required\">*<\/abbr>\n\t<\/small>\n<\/p>\n\n\t<p class=\"mphb_sc_search-check-in-date\">\n\t\t<label for=\"mphb_check_in_date-mphb-search-form-6a97ca4250386\">\n\t\t\tDia d&#039;arribada\t\t\t<abbr title=\"Formatted as dd\/mm\/yyyy\">*<\/abbr>\n\t\t<\/label>\n\t\t<br \/>\n\t\t<input\n\t\t\tid=\"mphb_check_in_date-mphb-search-form-6a97ca4250386\"\n\t\t\tdata-datepick-group=\"mphb-search-form-6a97ca4250386\"\n\t\t\tvalue=\"\"\n\t\t\tplaceholder=\"Data de Check-in\"\n\t\t\trequired=\"required\"\n\t\t\ttype=\"text\"\n\t\t\tinputmode=\"none\"\n\t\t\tname=\"mphb_check_in_date\"\n\t\t\tclass=\"mphb-datepick\"\n\t\t\tautocomplete=\"off\"\n\t\t\t\/>\n\t<\/p>\n\n\t<p class=\"mphb_sc_search-check-out-date\">\n\t\t<label for=\"mphb_check_out_date-mphb-search-form-6a97ca4250386\">\n\t\t\tDia de sortida\t\t\t<abbr title=\"Formatted as dd\/mm\/yyyy\">*<\/abbr>\n\t\t<\/label>\n\t\t<br \/>\n\t\t<input\n\t\t\tid=\"mphb_check_out_date-mphb-search-form-6a97ca4250386\"\n\t\t\tdata-datepick-group=\"mphb-search-form-6a97ca4250386\"\n\t\t\tvalue=\"\"\n\t\t\tplaceholder=\"Data de sortida\"\n\t\t\trequired=\"required\"\n\t\t\ttype=\"text\"\n\t\t\tinputmode=\"none\"\n\t\t\tname=\"mphb_check_out_date\"\n\t\t\tclass=\"mphb-datepick\"\n\t\t\tautocomplete=\"off\"\n\t\t\t\/>\n\t<\/p>\n\n\t\t\t<input type=\"hidden\" id=\"mphb_adults-mphb-search-form-6a97ca4250386\" name=\"mphb_adults\" value=\"1\" \/>\n\t\n\t\t\t<input type=\"hidden\" id=\"mphb_children-mphb-search-form-6a97ca4250386\" name=\"mphb_children\" value=\"0\" \/>\n\t\n\t\n\t\n\t<input id=\"mphb_check_in_date-mphb-search-form-6a97ca4250386-hidden\" value=\"\" type=\"hidden\" name=\"mphb_check_in_date\" \/><input id=\"mphb_check_out_date-mphb-search-form-6a97ca4250386-hidden\" value=\"\" type=\"hidden\" name=\"mphb_check_out_date\" \/>\n\t<p class=\"mphb_sc_search-submit-button-wrapper\">\n\t\t<input type=\"submit\" class=\"button\" value=\"Cerca\"\/>\n\t<\/p>\n\n\t\n<\/form>\n<\/div>\t\t<\/div>\n\t\t\t\t<\/div>\n\t\t\t\t<\/div>\n\t\t\t\t<\/div>\n\t\t\t\t\t<\/div>\n\t\t\t\t<\/div>\n\t\t\t\t<\/div>\n\t\t<div class=\"elementor-element elementor-element-070d413 alojamientos-home e-flex e-con-boxed e-con e-parent\" data-id=\"070d413\" data-element_type=\"container\" data-settings=\"{&quot;background_background&quot;:&quot;classic&quot;,&quot;content_width&quot;:&quot;boxed&quot;}\" data-core-v316-plus=\"true\">\n\t\t\t\t\t<div class=\"e-con-inner\">\n\t\t<div class=\"elementor-element elementor-element-9c3c111 e-con-full col-text e-flex e-con e-child\" data-id=\"9c3c111\" data-element_type=\"container\" data-settings=\"{&quot;content_width&quot;:&quot;full&quot;}\">\n\t\t<div class=\"elementor-element elementor-element-4fbcfee col-sticky e-flex e-con-boxed e-con e-child\" data-id=\"4fbcfee\" data-element_type=\"container\" data-settings=\"{&quot;content_width&quot;:&quot;boxed&quot;}\">\n\t\t\t\t\t<div class=\"e-con-inner\">\n\t\t\t\t<div class=\"elementor-element elementor-element-98bbfb3 elementor-widget elementor-widget-heading\" data-id=\"98bbfb3\" data-element_type=\"widget\" data-widget_type=\"heading.default\">\n\t\t\t\t<div class=\"elementor-widget-container\">\n\t\t\t<h2 class=\"elementor-heading-title elementor-size-default\">Apartaments de vacances a la platja de Calafat<\/h2>\t\t<\/div>\n\t\t\t\t<\/div>\n\t\t\t\t<div class=\"elementor-element elementor-element-b1d832e elementor-widget elementor-widget-text-editor\" data-id=\"b1d832e\" data-element_type=\"widget\" data-widget_type=\"text-editor.default\">\n\t\t\t\t<div class=\"elementor-widget-container\">\n\t\t\t<style>\/*! elementor - v3.19.0 - 05-02-2024 *\/\n.elementor-widget-text-editor.elementor-drop-cap-view-stacked .elementor-drop-cap{background-color:#69727d;color:#fff}.elementor-widget-text-editor.elementor-drop-cap-view-framed .elementor-drop-cap{color:#69727d;border:3px solid;background-color:transparent}.elementor-widget-text-editor:not(.elementor-drop-cap-view-default) .elementor-drop-cap{margin-top:8px}.elementor-widget-text-editor:not(.elementor-drop-cap-view-default) .elementor-drop-cap-letter{width:1em;height:1em}.elementor-widget-text-editor .elementor-drop-cap{float:left;text-align:center;line-height:1;font-size:50px}.elementor-widget-text-editor .elementor-drop-cap-letter{display:inline-block}<\/style>\t\t\t\t<p>Troba l&#8217;escapada perfecta a \u00abLas Cuevitas de la Chata\u00bb: apartaments de vacances a la platja de Calafat, on el mar i la comoditat es troben.<\/p>\n\t\t\t\t\t\t<\/div>\n\t\t\t\t<\/div>\n\t\t<div class=\"elementor-element elementor-element-b4a91b4 e-flex e-con-boxed e-con e-child\" data-id=\"b4a91b4\" data-element_type=\"container\" data-settings=\"{&quot;background_background&quot;:&quot;classic&quot;,&quot;content_width&quot;:&quot;boxed&quot;}\">\n\t\t\t\t\t<div class=\"e-con-inner\">\n\t\t\t\t<div class=\"elementor-element elementor-element-ba75fd1 reviify-only-stars elementor-widget elementor-widget-html\" data-id=\"ba75fd1\" data-element_type=\"widget\" data-widget_type=\"html.default\">\n\t\t\t\t<div class=\"elementor-widget-container\">\n\t\t\t<div id=\"wid_1700551844114\"><\/div>\r\n<script>\r\nsc = document.createElement(\"script\");\r\nsc.setAttribute(\"defer\",true);\r\nsc.setAttribute(\"src\",\"https:\/\/dbwx2z9xa7qt9.cloudfront.net\/bundle.js?cachebust=1700551844114\");\r\nsc.setAttribute(\"theme\",\"light\");\r\nsc.setAttribute(\"footer\", \"true\"); \r\nsc.setAttribute(\"widget-type\",\"feed\");\r\nsc.setAttribute(\"token\",\"64b8e891ec645cb5cdc30118\");\r\nsc.setAttribute('apiurl', \"https:\/\/server.onlinereviews.tech\/api\/v0.0.9\");\r\nsc.setAttribute('stats',\"true\");\r\nsc.setAttribute('addReview',\"false\");\r\nsc.setAttribute('profile-pic',\"true\");\r\nsc.setAttribute('review-name',\"true\");\r\nsc.setAttribute('wl', \"true\");\r\nsc.setAttribute('wlndig', \"https:\/\/go.reviify.com\/las-cuevitas-de-la-chata\");\r\nsc.setAttribute('lang', \"es\");\r\nsc.setAttribute('brandStyle', \"%7B%22sidebar_background%22%3A%22%232A5DFF%22%2C%22sidebar_text%22%3A%22white%22%2C%22brand_button_text_color%22%3A%22white%22%2C%22brand_main_color%22%3A%22%23676767%22%2C%22brand_button_border_radius%22%3A%2216px%22%2C%22brand_button_hover%22%3A%22rgb(118%2C%20118%2C%20118)%22%2C%22brand_button_active%22%3A%22rgb(88%2C%2088%2C%2088)%22%2C%22brand_main_color_opacity%22%3A%22%236767671a%22%2C%22brand_font%22%3A%22Montserrat%22%2C%22star_color%22%3A%22%23e8e116%22%2C%22brand_main_background%22%3A%22%23FBF8F6%22%2C%22brand_card_background%22%3A%22white%22%2C%22poweredByLink%22%3A%22https%3A%2F%2Freviify.com%22%2C%22poweredicon%22%3A%22https%3A%2F%2Frecensioni-io-static-folder.s3.eu-central-1.amazonaws.com%2Fpublic_onlinereviews%2Fapp.reviify.com%2Ftopbar.png%22%7D\");\r\ndocument.getElementById(\"wid_1700551844114\").appendChild(sc);\r\n<\/script>\t\t<\/div>\n\t\t\t\t<\/div>\n\t\t\t\t\t<\/div>\n\t\t\t\t<\/div>\n\t\t\t\t\t<\/div>\n\t\t\t\t<\/div>\n\t\t\t\t<\/div>\n\t\t<div class=\"elementor-element elementor-element-2420336 e-con-full e-flex e-con e-child\" data-id=\"2420336\" data-element_type=\"container\" data-settings=\"{&quot;content_width&quot;:&quot;full&quot;}\">\n\t\t\t\t<div class=\"elementor-element elementor-element-b4db806 alojamientos-back elementor-widget elementor-widget-shortcode\" data-id=\"b4db806\" data-element_type=\"widget\" data-widget_type=\"shortcode.default\">\n\t\t\t\t<div class=\"elementor-widget-container\">\n\t\t\t\t\t<div class=\"elementor-shortcode\"><div class=\"mphb_sc_rooms-wrapper mphb-room-types \">\n<div class=\"mphb-room-type post-7466 mphb_room_type type-mphb_room_type status-publish has-post-thumbnail entry has-media mphb-room-type-adults-5 mphb-room-type-children-2 has-taxes-and-fees\">\n\n\t\n\t\n\n\t<p class=\"post-thumbnail mphb-loop-room-thumbnail\">\n\t<a href=\"https:\/\/dev.lascuevitasdelachata.com\/ca\/allotjament\/cuevitas-test-cat\/\">\n\t<img decoding=\"async\" width=\"1300\" height=\"750\" src=\"https:\/\/dev.lascuevitasdelachata.com\/wp-content\/uploads\/2020\/04\/p6-img-07.jpg\" class=\"attachment-post-thumbnail size-post-thumbnail wp-post-image\" alt=\"\" srcset=\"https:\/\/dev.lascuevitasdelachata.com\/wp-content\/uploads\/2020\/04\/p6-img-07.jpg 1300w, https:\/\/dev.lascuevitasdelachata.com\/wp-content\/uploads\/2020\/04\/p6-img-07-300x173.jpg 300w, https:\/\/dev.lascuevitasdelachata.com\/wp-content\/uploads\/2020\/04\/p6-img-07-1024x591.jpg 1024w, https:\/\/dev.lascuevitasdelachata.com\/wp-content\/uploads\/2020\/04\/p6-img-07-768x443.jpg 768w, https:\/\/dev.lascuevitasdelachata.com\/wp-content\/uploads\/2020\/04\/p6-img-07-600x346.jpg 600w\" sizes=\"(max-width: 1300px) 100vw, 1300px\" \/>\t<\/a>\n\n\t<\/p>\n<div class=\"archive-alojamiento-content-wrap\">\n<h2 class=\"mphb-room-type-title entry-title\">\n\n<a class=\"mphb-room-type-title\" href=\"https:\/\/dev.lascuevitasdelachata.com\/ca\/allotjament\/cuevitas-test-cat\/\">Cuevitas test &#8211; CAT<\/a>\n\n<\/h2>\n\n<p class=\"mphb-view-details-button-wrapper\">\n<a class=\"button mphb-view-details-button\" href=\"https:\/\/dev.lascuevitasdelachata.com\/ca\/allotjament\/cuevitas-test-cat\/\" >Veure<\/a>\n<\/p>\n\t\t\n\t<div class=\"descripcion\">\n\t\t<p>Las Cuevitas de la Chata 4 es un apartamento acogedor y agradable de 36 m2 (habitables), decorado con mucho gusto ,mucha madera y elementos n\u00e1uticos ,con jard\u00edn privado, Barbacoa de piedra, ducha exterior , chillout\u00a0 y un porche donde por la noche se est\u00e1 de lujo.<\/p>\n\t<\/div>\n\t<div class=\"meta-wrap\">\n\t\t<p>5 personas \/ Se aceptan mascotas \/ Barbacoa inclu\u00edda \/ 30m2 <\/p>\n\t<\/div>\n\n\t<\/div>\n\t\n<\/div>\n\n<div class=\"mphb-room-type post-7476 mphb_room_type type-mphb_room_type status-publish has-post-thumbnail mphb_room_type_category-cuevita-ca entry has-media mphb-room-type-adults-5 mphb-room-type-children-0 has-taxes-and-fees\">\n\n\t\n\t\n\n\t<p class=\"post-thumbnail mphb-loop-room-thumbnail\">\n\t<a href=\"https:\/\/dev.lascuevitasdelachata.com\/ca\/allotjament\/las-cuevitas-de-la-chata-1\/\">\n\t<img decoding=\"async\" width=\"1800\" height=\"1350\" src=\"https:\/\/dev.lascuevitasdelachata.com\/wp-content\/uploads\/2024\/01\/las-cuevitas-de-la-chata-1-3-web.jpg\" class=\"attachment-post-thumbnail size-post-thumbnail wp-post-image\" alt=\"\" srcset=\"https:\/\/dev.lascuevitasdelachata.com\/wp-content\/uploads\/2024\/01\/las-cuevitas-de-la-chata-1-3-web.jpg 1800w, https:\/\/dev.lascuevitasdelachata.com\/wp-content\/uploads\/2024\/01\/las-cuevitas-de-la-chata-1-3-web-300x225.jpg 300w, https:\/\/dev.lascuevitasdelachata.com\/wp-content\/uploads\/2024\/01\/las-cuevitas-de-la-chata-1-3-web-1024x768.jpg 1024w, https:\/\/dev.lascuevitasdelachata.com\/wp-content\/uploads\/2024\/01\/las-cuevitas-de-la-chata-1-3-web-768x576.jpg 768w, https:\/\/dev.lascuevitasdelachata.com\/wp-content\/uploads\/2024\/01\/las-cuevitas-de-la-chata-1-3-web-1536x1152.jpg 1536w\" sizes=\"(max-width: 1800px) 100vw, 1800px\" \/>\t<\/a>\n\n\t<\/p>\n<div class=\"archive-alojamiento-content-wrap\">\n<h2 class=\"mphb-room-type-title entry-title\">\n\n<a class=\"mphb-room-type-title\" href=\"https:\/\/dev.lascuevitasdelachata.com\/ca\/allotjament\/las-cuevitas-de-la-chata-1\/\">Las Cuevitas de la Chata 1<\/a>\n\n<\/h2>\n\n<p class=\"mphb-view-details-button-wrapper\">\n<a class=\"button mphb-view-details-button\" href=\"https:\/\/dev.lascuevitasdelachata.com\/ca\/allotjament\/las-cuevitas-de-la-chata-1\/\" >Veure<\/a>\n<\/p>\n\t\t\n\t<div class=\"descripcion\">\n\t\t\t<\/div>\n\t<div class=\"meta-wrap\">\n\t\t<p>6 persones \/ S'admeten mascotes \/ Barbacoa inclosa \/ 37m2<\/p>\n\t<\/div>\n\n\t<\/div>\n\t\n<\/div>\n\n<div class=\"mphb-room-type post-7481 mphb_room_type type-mphb_room_type status-publish has-post-thumbnail mphb_room_type_category-cuevita-ca entry has-media mphb-room-type-adults-5 mphb-room-type-children-0 has-taxes-and-fees\">\n\n\t\n\t\n\n\t<p class=\"post-thumbnail mphb-loop-room-thumbnail\">\n\t<a href=\"https:\/\/dev.lascuevitasdelachata.com\/ca\/allotjament\/las-cuevitas-de-la-chata-2\/\">\n\t<img loading=\"lazy\" decoding=\"async\" width=\"1800\" height=\"1350\" src=\"https:\/\/dev.lascuevitasdelachata.com\/wp-content\/uploads\/2024\/01\/las-cuevitas-de-la-chata-2-8-web.jpg\" class=\"attachment-post-thumbnail size-post-thumbnail wp-post-image\" alt=\"\" srcset=\"https:\/\/dev.lascuevitasdelachata.com\/wp-content\/uploads\/2024\/01\/las-cuevitas-de-la-chata-2-8-web.jpg 1800w, https:\/\/dev.lascuevitasdelachata.com\/wp-content\/uploads\/2024\/01\/las-cuevitas-de-la-chata-2-8-web-300x225.jpg 300w, https:\/\/dev.lascuevitasdelachata.com\/wp-content\/uploads\/2024\/01\/las-cuevitas-de-la-chata-2-8-web-1024x768.jpg 1024w, https:\/\/dev.lascuevitasdelachata.com\/wp-content\/uploads\/2024\/01\/las-cuevitas-de-la-chata-2-8-web-768x576.jpg 768w, https:\/\/dev.lascuevitasdelachata.com\/wp-content\/uploads\/2024\/01\/las-cuevitas-de-la-chata-2-8-web-1536x1152.jpg 1536w\" sizes=\"(max-width: 1800px) 100vw, 1800px\" \/>\t<\/a>\n\n\t<\/p>\n<div class=\"archive-alojamiento-content-wrap\">\n<h2 class=\"mphb-room-type-title entry-title\">\n\n<a class=\"mphb-room-type-title\" href=\"https:\/\/dev.lascuevitasdelachata.com\/ca\/allotjament\/las-cuevitas-de-la-chata-2\/\">Las Cuevitas de la Chata 2<\/a>\n\n<\/h2>\n\n<p class=\"mphb-view-details-button-wrapper\">\n<a class=\"button mphb-view-details-button\" href=\"https:\/\/dev.lascuevitasdelachata.com\/ca\/allotjament\/las-cuevitas-de-la-chata-2\/\" >Veure<\/a>\n<\/p>\n\t\t\n\t<div class=\"descripcion\">\n\t\t\t<\/div>\n\t<div class=\"meta-wrap\">\n\t\t<p>6 persones \/ S'admeten mascotes \/ Barbacoa inclosa \/ 37m2<\/p>\n\t<\/div>\n\n\t<\/div>\n\t\n<\/div>\n\n<div class=\"mphb-room-type post-7484 mphb_room_type type-mphb_room_type status-publish has-post-thumbnail mphb_room_type_category-cuevita-ca entry has-media mphb-room-type-adults-5 mphb-room-type-children-0 has-taxes-and-fees\">\n\n\t\n\t\n\n\t<p class=\"post-thumbnail mphb-loop-room-thumbnail\">\n\t<a href=\"https:\/\/dev.lascuevitasdelachata.com\/ca\/allotjament\/las-cuevitas-de-la-chata-3\/\">\n\t<img loading=\"lazy\" decoding=\"async\" width=\"1800\" height=\"1252\" src=\"https:\/\/dev.lascuevitasdelachata.com\/wp-content\/uploads\/2024\/01\/las-cuevitas-de-la-chata-3-8-web.jpg\" class=\"attachment-post-thumbnail size-post-thumbnail wp-post-image\" alt=\"\" srcset=\"https:\/\/dev.lascuevitasdelachata.com\/wp-content\/uploads\/2024\/01\/las-cuevitas-de-la-chata-3-8-web.jpg 1800w, https:\/\/dev.lascuevitasdelachata.com\/wp-content\/uploads\/2024\/01\/las-cuevitas-de-la-chata-3-8-web-300x209.jpg 300w, https:\/\/dev.lascuevitasdelachata.com\/wp-content\/uploads\/2024\/01\/las-cuevitas-de-la-chata-3-8-web-1024x712.jpg 1024w, https:\/\/dev.lascuevitasdelachata.com\/wp-content\/uploads\/2024\/01\/las-cuevitas-de-la-chata-3-8-web-768x534.jpg 768w, https:\/\/dev.lascuevitasdelachata.com\/wp-content\/uploads\/2024\/01\/las-cuevitas-de-la-chata-3-8-web-1536x1068.jpg 1536w\" sizes=\"(max-width: 1800px) 100vw, 1800px\" \/>\t<\/a>\n\n\t<\/p>\n<div class=\"archive-alojamiento-content-wrap\">\n<h2 class=\"mphb-room-type-title entry-title\">\n\n<a class=\"mphb-room-type-title\" href=\"https:\/\/dev.lascuevitasdelachata.com\/ca\/allotjament\/las-cuevitas-de-la-chata-3\/\">Las Cuevitas de la Chata 3<\/a>\n\n<\/h2>\n\n<p class=\"mphb-view-details-button-wrapper\">\n<a class=\"button mphb-view-details-button\" href=\"https:\/\/dev.lascuevitasdelachata.com\/ca\/allotjament\/las-cuevitas-de-la-chata-3\/\" >Veure<\/a>\n<\/p>\n\t\t\n\t<div class=\"descripcion\">\n\t\t\t<\/div>\n\t<div class=\"meta-wrap\">\n\t\t<p>6 persones \/ S'admeten mascotes \/ Barbacoa inclosa \/ 37m2<\/p>\n\t<\/div>\n\n\t<\/div>\n\t\n<\/div>\n\n<div class=\"mphb-room-type post-7487 mphb_room_type type-mphb_room_type status-publish has-post-thumbnail mphb_room_type_category-cuevita-ca entry has-media mphb-room-type-adults-5 mphb-room-type-children-0 has-taxes-and-fees\">\n\n\t\n\t\n\n\t<p class=\"post-thumbnail mphb-loop-room-thumbnail\">\n\t<a href=\"https:\/\/dev.lascuevitasdelachata.com\/ca\/allotjament\/las-cuevitas-de-la-chata-4\/\">\n\t<img loading=\"lazy\" decoding=\"async\" width=\"1800\" height=\"1710\" src=\"https:\/\/dev.lascuevitasdelachata.com\/wp-content\/uploads\/2021\/03\/las-cuevitas-de-la-chata-4-portada.jpg\" class=\"attachment-post-thumbnail size-post-thumbnail wp-post-image\" alt=\"\" srcset=\"https:\/\/dev.lascuevitasdelachata.com\/wp-content\/uploads\/2021\/03\/las-cuevitas-de-la-chata-4-portada.jpg 1800w, https:\/\/dev.lascuevitasdelachata.com\/wp-content\/uploads\/2021\/03\/las-cuevitas-de-la-chata-4-portada-300x285.jpg 300w, https:\/\/dev.lascuevitasdelachata.com\/wp-content\/uploads\/2021\/03\/las-cuevitas-de-la-chata-4-portada-1024x973.jpg 1024w, https:\/\/dev.lascuevitasdelachata.com\/wp-content\/uploads\/2021\/03\/las-cuevitas-de-la-chata-4-portada-768x730.jpg 768w, https:\/\/dev.lascuevitasdelachata.com\/wp-content\/uploads\/2021\/03\/las-cuevitas-de-la-chata-4-portada-1536x1459.jpg 1536w\" sizes=\"(max-width: 1800px) 100vw, 1800px\" \/>\t<\/a>\n\n\t<\/p>\n<div class=\"archive-alojamiento-content-wrap\">\n<h2 class=\"mphb-room-type-title entry-title\">\n\n<a class=\"mphb-room-type-title\" href=\"https:\/\/dev.lascuevitasdelachata.com\/ca\/allotjament\/las-cuevitas-de-la-chata-4\/\">Las Cuevitas de la Chata 4<\/a>\n\n<\/h2>\n\n<p class=\"mphb-view-details-button-wrapper\">\n<a class=\"button mphb-view-details-button\" href=\"https:\/\/dev.lascuevitasdelachata.com\/ca\/allotjament\/las-cuevitas-de-la-chata-4\/\" >Veure<\/a>\n<\/p>\n\t\t\n\t<div class=\"descripcion\">\n\t\t\t<\/div>\n\t<div class=\"meta-wrap\">\n\t\t<p>6 persones \/ S'admeten mascotes \/ Barbacoa inclosa \/ 37m2<\/p>\n\t<\/div>\n\n\t<\/div>\n\t\n<\/div>\n<\/div><\/div>\n\t\t\t\t<\/div>\n\t\t\t\t<\/div>\n\t\t\t\t<\/div>\n\t\t\t\t\t<\/div>\n\t\t\t\t<\/div>\n\t\t<div class=\"elementor-element elementor-element-7cad048 e-flex e-con-boxed e-con e-parent\" data-id=\"7cad048\" data-element_type=\"container\" data-settings=\"{&quot;content_width&quot;:&quot;boxed&quot;}\" data-core-v316-plus=\"true\">\n\t\t\t\t\t<div class=\"e-con-inner\">\n\t\t\t\t<div class=\"elementor-element elementor-element-b3f5d1f elementor-widget elementor-widget-spacer\" data-id=\"b3f5d1f\" data-element_type=\"widget\" data-widget_type=\"spacer.default\">\n\t\t\t\t<div class=\"elementor-widget-container\">\n\t\t\t<style>\/*! elementor - v3.19.0 - 05-02-2024 *\/\n.elementor-column .elementor-spacer-inner{height:var(--spacer-size)}.e-con{--container-widget-width:100%}.e-con-inner>.elementor-widget-spacer,.e-con>.elementor-widget-spacer{width:var(--container-widget-width,var(--spacer-size));--align-self:var(--container-widget-align-self,initial);--flex-shrink:0}.e-con-inner>.elementor-widget-spacer>.elementor-widget-container,.e-con>.elementor-widget-spacer>.elementor-widget-container{height:100%;width:100%}.e-con-inner>.elementor-widget-spacer>.elementor-widget-container>.elementor-spacer,.e-con>.elementor-widget-spacer>.elementor-widget-container>.elementor-spacer{height:100%}.e-con-inner>.elementor-widget-spacer>.elementor-widget-container>.elementor-spacer>.elementor-spacer-inner,.e-con>.elementor-widget-spacer>.elementor-widget-container>.elementor-spacer>.elementor-spacer-inner{height:var(--container-widget-height,var(--spacer-size))}.e-con-inner>.elementor-widget-spacer.elementor-widget-empty,.e-con>.elementor-widget-spacer.elementor-widget-empty{position:relative;min-height:22px;min-width:22px}.e-con-inner>.elementor-widget-spacer.elementor-widget-empty .elementor-widget-empty-icon,.e-con>.elementor-widget-spacer.elementor-widget-empty .elementor-widget-empty-icon{position:absolute;top:0;bottom:0;left:0;right:0;margin:auto;padding:0;width:22px;height:22px}<\/style>\t\t<div class=\"elementor-spacer\">\n\t\t\t<div class=\"elementor-spacer-inner\"><\/div>\n\t\t<\/div>\n\t\t\t\t<\/div>\n\t\t\t\t<\/div>\n\t\t\t\t<div class=\"elementor-element elementor-element-40acf43 elementor-widget elementor-widget-heading\" data-id=\"40acf43\" data-element_type=\"widget\" data-widget_type=\"heading.default\">\n\t\t\t\t<div class=\"elementor-widget-container\">\n\t\t\t<h2 class=\"elementor-heading-title elementor-size-default\">Els millors apartaments de Calafat<\/h2>\t\t<\/div>\n\t\t\t\t<\/div>\n\t\t\t\t<div class=\"elementor-element elementor-element-4719f2b elementor-widget__width-initial elementor-widget elementor-widget-text-editor\" data-id=\"4719f2b\" data-element_type=\"widget\" data-widget_type=\"text-editor.default\">\n\t\t\t\t<div class=\"elementor-widget-container\">\n\t\t\t\t\t\t\t<p>Explora els Millors Apartaments de Calafat: \u00abLes Cuevitas de la Chata\u00bb \u00e9s el teu refugi ideal a prop del mar, on l&#8217;encant i la natura es fusionen.<\/p>\n\t\t\t\t\t\t<\/div>\n\t\t\t\t<\/div>\n\t\t\t\t<div class=\"elementor-element elementor-element-fe0c1fd elementor-widget elementor-widget-html\" data-id=\"fe0c1fd\" data-element_type=\"widget\" data-widget_type=\"html.default\">\n\t\t\t\t<div class=\"elementor-widget-container\">\n\t\t\t<div id=\"wid_1700551687355\"><\/div>\r\n<script>\r\nsc = document.createElement(\"script\");\r\nsc.setAttribute(\"defer\",true);\r\nsc.setAttribute(\"src\",\"https:\/\/dbwx2z9xa7qt9.cloudfront.net\/bundle.js?cachebust=1700551687355\");\r\nsc.setAttribute(\"theme\",\"light\");\r\nsc.setAttribute(\"footer\", \"true\"); \r\nsc.setAttribute(\"widget-type\",\"carousel\");\r\nsc.setAttribute(\"token\",\"64b8e891ec645cb5cdc30118\");\r\nsc.setAttribute('apiurl', \"https:\/\/server.onlinereviews.tech\/api\/v0.0.9\");\r\nsc.setAttribute('stats',\"true\");\r\nsc.setAttribute('addReview',\"false\");\r\nsc.setAttribute('profile-pic',\"true\");\r\nsc.setAttribute('review-name',\"true\");\r\nsc.setAttribute('wl', \"true\");\r\nsc.setAttribute('wlndig', \"https:\/\/go.reviify.com\/las-cuevitas-de-la-chata\");\r\nsc.setAttribute('lang', \"es\");\r\nsc.setAttribute('brandStyle', \"%7B%22sidebar_background%22%3A%22%232A5DFF%22%2C%22sidebar_text%22%3A%22white%22%2C%22brand_button_text_color%22%3A%22white%22%2C%22brand_main_color%22%3A%22%23676767%22%2C%22brand_button_border_radius%22%3A%2216px%22%2C%22brand_button_hover%22%3A%22rgb(118%2C%20118%2C%20118)%22%2C%22brand_button_active%22%3A%22rgb(88%2C%2088%2C%2088)%22%2C%22brand_main_color_opacity%22%3A%22%236767671a%22%2C%22brand_font%22%3A%22Montserrat%22%2C%22star_color%22%3A%22%23e8e116%22%2C%22brand_main_background%22%3A%22%23FBF8F6%22%2C%22brand_card_background%22%3A%22white%22%2C%22poweredByLink%22%3A%22https%3A%2F%2Freviify.com%22%2C%22poweredicon%22%3A%22https%3A%2F%2Frecensioni-io-static-folder.s3.eu-central-1.amazonaws.com%2Fpublic_onlinereviews%2Fapp.reviify.com%2Ftopbar.png%22%7D\");\r\ndocument.getElementById(\"wid_1700551687355\").appendChild(sc);\r\n<\/script>\t\t<\/div>\n\t\t\t\t<\/div>\n\t\t\t\t\t<\/div>\n\t\t\t\t<\/div>\n\t\t<div class=\"elementor-element elementor-element-4890229 intro-half e-con-full e-flex e-con e-parent\" data-id=\"4890229\" data-element_type=\"container\" data-settings=\"{&quot;content_width&quot;:&quot;full&quot;}\" data-core-v316-plus=\"true\">\n\t\t<div class=\"elementor-element elementor-element-27d4aab e-con-full col-img e-flex e-con e-child\" data-id=\"27d4aab\" data-element_type=\"container\" data-settings=\"{&quot;content_width&quot;:&quot;full&quot;}\">\n\t\t\t\t<div class=\"elementor-element elementor-element-fe61512 elementor-widget elementor-widget-image\" data-id=\"fe61512\" data-element_type=\"widget\" data-widget_type=\"image.default\">\n\t\t\t\t<div class=\"elementor-widget-container\">\n\t\t\t\t\t\t\t\t\t\t\t\t\t<img loading=\"lazy\" decoding=\"async\" width=\"1024\" height=\"854\" src=\"https:\/\/dev.lascuevitasdelachata.com\/wp-content\/uploads\/2024\/01\/grant-sams-DHRaaleNoYs-unsplash-1024x854.jpg\" class=\"attachment-large size-large wp-image-6986\" alt=\"\" srcset=\"https:\/\/dev.lascuevitasdelachata.com\/wp-content\/uploads\/2024\/01\/grant-sams-DHRaaleNoYs-unsplash-1024x854.jpg 1024w, https:\/\/dev.lascuevitasdelachata.com\/wp-content\/uploads\/2024\/01\/grant-sams-DHRaaleNoYs-unsplash-300x250.jpg 300w, https:\/\/dev.lascuevitasdelachata.com\/wp-content\/uploads\/2024\/01\/grant-sams-DHRaaleNoYs-unsplash-768x641.jpg 768w, https:\/\/dev.lascuevitasdelachata.com\/wp-content\/uploads\/2024\/01\/grant-sams-DHRaaleNoYs-unsplash-1536x1282.jpg 1536w, https:\/\/dev.lascuevitasdelachata.com\/wp-content\/uploads\/2024\/01\/grant-sams-DHRaaleNoYs-unsplash.jpg 1800w\" sizes=\"(max-width: 1024px) 100vw, 1024px\" \/>\t\t\t\t\t\t\t\t\t\t\t\t\t<\/div>\n\t\t\t\t<\/div>\n\t\t\t\t<\/div>\n\t\t<div class=\"elementor-element elementor-element-25c287f e-con-full col-text e-flex e-con e-child\" data-id=\"25c287f\" data-element_type=\"container\" data-settings=\"{&quot;content_width&quot;:&quot;full&quot;}\">\n\t\t<div class=\"elementor-element elementor-element-7767955 e-con-full e-flex e-con e-child\" data-id=\"7767955\" data-element_type=\"container\" data-settings=\"{&quot;content_width&quot;:&quot;full&quot;}\">\n\t\t\t\t<div class=\"elementor-element elementor-element-5e4a4c1 elementor-widget__width-initial elementor-widget elementor-widget-text-editor\" data-id=\"5e4a4c1\" data-element_type=\"widget\" data-widget_type=\"text-editor.default\">\n\t\t\t\t<div class=\"elementor-widget-container\">\n\t\t\t\t\t\t\t<h2>Apartaments de vacances a prop del circuit de Calafat<\/h2>\n<p>Descobreix \u00abLes Cuevitas de la Chata\u00bb apartaments de vacances a prop del circuit de Calafat: la combinaci\u00f3 perfecta entre platja i emoci\u00f3.<\/p>\n\t\t\t\t\t\t<\/div>\n\t\t\t\t<\/div>\n\t\t\t\t<\/div>\n\t\t\t\t<\/div>\n\t\t\t\t<\/div>\n\t\t<div class=\"elementor-element elementor-element-9bec1ba destacado-home e-flex e-con-boxed e-con e-parent\" data-id=\"9bec1ba\" data-element_type=\"container\" data-settings=\"{&quot;content_width&quot;:&quot;boxed&quot;}\" data-core-v316-plus=\"true\">\n\t\t\t\t\t<div class=\"e-con-inner\">\n\t\t\t\t<div class=\"elementor-element elementor-element-5851180 back-img elementor-hidden-widescreen elementor-hidden-desktop elementor-hidden-tablet elementor-hidden-mobile elementor-widget elementor-widget-image\" data-id=\"5851180\" data-element_type=\"widget\" data-widget_type=\"image.default\">\n\t\t\t\t<div class=\"elementor-widget-container\">\n\t\t\t\t\t\t\t\t\t\t\t\t\t<img loading=\"lazy\" decoding=\"async\" width=\"2560\" height=\"1700\" src=\"https:\/\/dev.lascuevitasdelachata.com\/wp-content\/uploads\/2023\/11\/pexels-antonio-lorenzana-bermejo-17144310-scaled.jpg\" class=\"attachment-full size-full wp-image-6269\" alt=\"\" srcset=\"https:\/\/dev.lascuevitasdelachata.com\/wp-content\/uploads\/2023\/11\/pexels-antonio-lorenzana-bermejo-17144310-scaled.jpg 2560w, https:\/\/dev.lascuevitasdelachata.com\/wp-content\/uploads\/2023\/11\/pexels-antonio-lorenzana-bermejo-17144310-300x199.jpg 300w, https:\/\/dev.lascuevitasdelachata.com\/wp-content\/uploads\/2023\/11\/pexels-antonio-lorenzana-bermejo-17144310-1024x680.jpg 1024w, https:\/\/dev.lascuevitasdelachata.com\/wp-content\/uploads\/2023\/11\/pexels-antonio-lorenzana-bermejo-17144310-768x510.jpg 768w, https:\/\/dev.lascuevitasdelachata.com\/wp-content\/uploads\/2023\/11\/pexels-antonio-lorenzana-bermejo-17144310-1536x1020.jpg 1536w, https:\/\/dev.lascuevitasdelachata.com\/wp-content\/uploads\/2023\/11\/pexels-antonio-lorenzana-bermejo-17144310-2048x1360.jpg 2048w\" sizes=\"(max-width: 2560px) 100vw, 2560px\" \/>\t\t\t\t\t\t\t\t\t\t\t\t\t<\/div>\n\t\t\t\t<\/div>\n\t\t<div class=\"elementor-element elementor-element-aaa9834 no-margin-bot e-flex e-con-boxed e-con e-child\" data-id=\"aaa9834\" data-element_type=\"container\" data-settings=\"{&quot;content_width&quot;:&quot;boxed&quot;}\">\n\t\t\t\t\t<div class=\"e-con-inner\">\n\t\t\t\t<div class=\"elementor-element elementor-element-65ebbff elementor-widget elementor-widget-heading\" data-id=\"65ebbff\" data-element_type=\"widget\" data-widget_type=\"heading.default\">\n\t\t\t\t<div class=\"elementor-widget-container\">\n\t\t\t<h2 class=\"elementor-heading-title elementor-size-default\">Qu\u00e8 fer a Calafat<\/h2>\t\t<\/div>\n\t\t\t\t<\/div>\n\t\t\t\t<div class=\"elementor-element elementor-element-513b20d elementor-widget__width-initial elementor-widget elementor-widget-text-editor\" data-id=\"513b20d\" data-element_type=\"widget\" data-widget_type=\"text-editor.default\">\n\t\t\t\t<div class=\"elementor-widget-container\">\n\t\t\t\t\t\t\t<p>La urbanitzaci\u00f3 de Calafat, una encantadora zona plena de petites cales, totes elles connectades pel GR 95, ideal per a llargues passejades. Activitats aqu\u00e0tiques (paddle surf, motos d&#8217;aigua, snorkel, centres de submarinisme). A 7 km de la localitat de l&#8217;Ametlla de Mar, un petit i preci\u00f3s poble pesquer.<\/p>\n\t\t\t\t\t\t<\/div>\n\t\t\t\t<\/div>\n\t\t\t\t<div class=\"elementor-element elementor-element-862f87d elementor-align-center elementor-widget elementor-widget-button\" data-id=\"862f87d\" data-element_type=\"widget\" data-widget_type=\"button.default\">\n\t\t\t\t<div class=\"elementor-widget-container\">\n\t\t\t\t\t<div class=\"elementor-button-wrapper\">\n\t\t\t<a class=\"elementor-button elementor-button-link elementor-size-sm\" href=\"https:\/\/dev.lascuevitasdelachata.com\/ca\/recomanacions\/\">\n\t\t\t\t\t\t<span class=\"elementor-button-content-wrapper\">\n\t\t\t\t\t\t<span class=\"elementor-button-text\">Veure recomanacions<\/span>\n\t\t<\/span>\n\t\t\t\t\t<\/a>\n\t\t<\/div>\n\t\t\t\t<\/div>\n\t\t\t\t<\/div>\n\t\t\t\t\t<\/div>\n\t\t\t\t<\/div>\n\t\t\t\t\t<\/div>\n\t\t\t\t<\/div>\n\t\t<div class=\"elementor-element elementor-element-3085023 e-flex e-con-boxed e-con e-parent\" data-id=\"3085023\" data-element_type=\"container\" data-settings=\"{&quot;background_background&quot;:&quot;classic&quot;,&quot;content_width&quot;:&quot;boxed&quot;}\" data-core-v316-plus=\"true\">\n\t\t\t\t\t<div class=\"e-con-inner\">\n\t\t<div class=\"elementor-element elementor-element-02fa07e e-con-full no-margin-bot e-flex e-con e-child\" data-id=\"02fa07e\" data-element_type=\"container\" data-settings=\"{&quot;content_width&quot;:&quot;full&quot;,&quot;background_background&quot;:&quot;classic&quot;}\">\n\t\t\t\t<div class=\"elementor-element elementor-element-bac0482 elementor-widget elementor-widget-heading\" data-id=\"bac0482\" data-element_type=\"widget\" data-widget_type=\"heading.default\">\n\t\t\t\t<div class=\"elementor-widget-container\">\n\t\t\t<h2 class=\"elementor-heading-title elementor-size-default\">El temps a Calafat<\/h2>\t\t<\/div>\n\t\t\t\t<\/div>\n\t\t\t\t<div class=\"elementor-element elementor-element-0d0426d elementor-widget elementor-widget-text-editor\" data-id=\"0d0426d\" data-element_type=\"widget\" data-widget_type=\"text-editor.default\">\n\t\t\t\t<div class=\"elementor-widget-container\">\n\t\t\t\t\t\t\t<p>La urbanitzaci\u00f3 de Calafat es caracteritza pel seu clima mediterrani, temperatures suaus durant l&#8217;any i estius amb temperatures mitjanes-altes.<\/p>\n\t\t\t\t\t\t<\/div>\n\t\t\t\t<\/div>\n\t\t\t\t<div class=\"elementor-element elementor-element-ced78da elementor-widget elementor-widget-wp-widget-wp-forecast\" data-id=\"ced78da\" data-element_type=\"widget\" data-widget_type=\"wp-widget-wp-forecast.default\">\n\t\t\t\t<div class=\"elementor-widget-container\">\n\t\t\t<h5>Tiempo en Las Cuevitas de la Chata<\/h5><div id=\"wp-forecastA\" class=\"wp-forecast\">\n<div class=\"wp-forecast-curr\">\n<div class=\"wp-forecast-curr-head\"><div><\/div>\n<\/div>\n<div class=\"wp-forecast-curr-block\"><div class=\"wp-forecast-curr-left\"><div class=\"wp-forecast-curr-left wpfico01\">&nbsp;<\/div>\n<br \/><\/div><div class=\"wp-forecast-curr-right\"><div>25&deg;C<\/div><\/div>\n<\/div>\n<div class=\"wp-forecast-curr-details\"><div>Salida del Sol: 07:24<\/div>\n<div>Puesta de Sol: 20:28<\/div>\n<\/div>\n<\/div>\n<div class=\"wp-forecast-fc\">\n<div class=\"wp-forecast-fc-oneday\">\n<div class=\"wp-forecast-fc-head\">Previsi\u00f3n 3 de setembre de 2026<\/div>\n<div class=\"wp-forecast-fc-block\">\n<div class=\"wp-forecast-fc-left\">\n<div>D\u00eda<\/div>\n<div class=\"wp-forecast-curr-left wpfico04\">&nbsp;<\/div>\n<br \/>\n<\/div>\n<div class=\"wp-forecast-fc-right\"><div>Parcialmente nublado<\/div><div>33&deg;C<\/div><\/div><\/div>\n<\/div>\n<div class=\"wp-forecast-fc-oneday\">\n<div class=\"wp-forecast-fc-head\">Previsi\u00f3n 4 de setembre de 2026<\/div>\n<div class=\"wp-forecast-fc-block\">\n<div class=\"wp-forecast-fc-left\">\n<div>D\u00eda<\/div>\n<div class=\"wp-forecast-curr-left wpfico07\">&nbsp;<\/div>\n<br \/>\n<\/div>\n<div class=\"wp-forecast-fc-right\"><div>Previsi\u00f3n<\/div><div>32&deg;C<\/div><\/div><\/div>\n<\/div>\n<div class=\"wp-forecast-fc-oneday\">\n<div class=\"wp-forecast-fc-head\">Previsi\u00f3n 5 de setembre de 2026<\/div>\n<div class=\"wp-forecast-fc-block\">\n<div class=\"wp-forecast-fc-left\">\n<div>D\u00eda<\/div>\n<div class=\"wp-forecast-curr-left wpfico11\">&nbsp;<\/div>\n<br \/>\n<\/div>\n<div class=\"wp-forecast-fc-right\"><div>Niebla<\/div><div>31&deg;C<\/div><\/div><\/div>\n<\/div>\n<div class=\"wp-forecast-fc-oneday\">\n<div class=\"wp-forecast-fc-head\">Previsi\u00f3n 6 de setembre de 2026<\/div>\n<div class=\"wp-forecast-fc-block\">\n<div class=\"wp-forecast-fc-left\">\n<div>D\u00eda<\/div>\n<div class=\"wp-forecast-curr-left wpfico07\">&nbsp;<\/div>\n<br \/>\n<\/div>\n<div class=\"wp-forecast-fc-right\"><div>Previsi\u00f3n<\/div><div>32&deg;C<\/div><\/div><\/div>\n<\/div>\n<\/div>\n<\/div>\n<div style=\"clear:inherit;\">&nbsp;<\/div>\t\t<\/div>\n\t\t\t\t<\/div>\n\t\t\t\t<\/div>\n\t\t<div class=\"elementor-element elementor-element-9a87731 e-con-full e-flex e-con e-child\" data-id=\"9a87731\" data-element_type=\"container\" data-settings=\"{&quot;content_width&quot;:&quot;full&quot;}\">\n\t\t\t\t<div class=\"elementor-element elementor-element-f1ed8b8 mapa-full-height elementor-widget elementor-widget-google_maps\" data-id=\"f1ed8b8\" data-element_type=\"widget\" data-widget_type=\"google_maps.default\">\n\t\t\t\t<div class=\"elementor-widget-container\">\n\t\t\t<style>\/*! elementor - v3.19.0 - 05-02-2024 *\/\n.elementor-widget-google_maps .elementor-widget-container{overflow:hidden}.elementor-widget-google_maps .elementor-custom-embed{line-height:0}.elementor-widget-google_maps iframe{height:300px}<\/style>\t\t<div class=\"elementor-custom-embed\">\n\t\t\t<iframe loading=\"lazy\"\n\t\t\t\t\tsrc=\"https:\/\/maps.google.com\/maps?q=Las%20Cuevitas%20de%20la%20Chata-Apartaments-&#038;t=m&#038;z=13&#038;output=embed&#038;iwloc=near\"\n\t\t\t\t\ttitle=\"Las Cuevitas de la Chata-Apartaments-\"\n\t\t\t\t\taria-label=\"Las Cuevitas de la Chata-Apartaments-\"\n\t\t\t><\/iframe>\n\t\t<\/div>\n\t\t\t\t<\/div>\n\t\t\t\t<\/div>\n\t\t\t\t<\/div>\n\t\t\t\t\t<\/div>\n\t\t\t\t<\/div>\n\t\t\t\t<\/div>\n\t\t","protected":false},"excerpt":{"rendered":"<p>Lloguer de vacances a Calafat Descobreix Calafat! Lloga els nostres apartaments de vacances per viure unes vacances inoblidables. Situats al cor de Calafat, ofereixen comoditat, luxe i acc\u00e9s a platges precioses. Amb tarifes assequibles, garantim una estada \u00fanica en aquest parad\u00eds. Reserva ara i submergeix-te en la m\u00e0gia de Calafat! Troba la teva Cuevita Los [&hellip;]<\/p>\n","protected":false},"author":1,"featured_media":0,"parent":0,"menu_order":0,"comment_status":"closed","ping_status":"closed","template":"elementor_header_footer","meta":{"footnotes":""},"class_list":["post-7517","page","type-page","status-publish","hentry","entry","has-media"],"acf":[],"yoast_head":"<!-- This site is optimized with the Yoast SEO plugin v21.9.1 - https:\/\/yoast.com\/wordpress\/plugins\/seo\/ -->\n<title>Las Cuevitas de la Chata - Las Cuevitas de la Chata<\/title>\n<meta name=\"robots\" content=\"noindex, follow, max-snippet:-1, max-image-preview:large, max-video-preview:-1\" \/>\n<meta property=\"og:locale\" content=\"ca_ES\" \/>\n<meta property=\"og:type\" content=\"article\" \/>\n<meta property=\"og:title\" content=\"Las Cuevitas de la Chata - Las Cuevitas de la Chata\" \/>\n<meta property=\"og:description\" content=\"Lloguer de vacances a Calafat Descobreix Calafat! Lloga els nostres apartaments de vacances per viure unes vacances inoblidables. Situats al cor de Calafat, ofereixen comoditat, luxe i acc\u00e9s a platges precioses. Amb tarifes assequibles, garantim una estada \u00fanica en aquest parad\u00eds. Reserva ara i submergeix-te en la m\u00e0gia de Calafat! Troba la teva Cuevita Los [&hellip;]\" \/>\n<meta property=\"og:url\" content=\"https:\/\/dev.lascuevitasdelachata.com\/\" \/>\n<meta property=\"og:site_name\" content=\"Las Cuevitas de la Chata\" \/>\n<meta property=\"article:modified_time\" content=\"2024-01-24T08:51:01+00:00\" \/>\n<meta property=\"og:image\" content=\"https:\/\/dev.lascuevitasdelachata.com\/wp-content\/uploads\/2021\/03\/cuevitas-chata-4-terraza.jpg\" \/>\n<meta name=\"twitter:card\" content=\"summary_large_image\" \/>\n<meta name=\"twitter:label1\" content=\"Temps estimat de lectura\" \/>\n\t<meta name=\"twitter:data1\" content=\"3 minuts\" \/>\n<script type=\"application\/ld+json\" class=\"yoast-schema-graph\">{\"@context\":\"https:\/\/schema.org\",\"@graph\":[{\"@type\":\"WebPage\",\"@id\":\"https:\/\/dev.lascuevitasdelachata.com\/\",\"url\":\"https:\/\/dev.lascuevitasdelachata.com\/\",\"name\":\"Las Cuevitas de la Chata - Las Cuevitas de la Chata\",\"isPartOf\":{\"@id\":\"https:\/\/dev.lascuevitasdelachata.com\/#website\"},\"datePublished\":\"2020-03-26T12:07:34+00:00\",\"dateModified\":\"2024-01-24T08:51:01+00:00\",\"breadcrumb\":{\"@id\":\"https:\/\/dev.lascuevitasdelachata.com\/#breadcrumb\"},\"inLanguage\":\"ca\",\"potentialAction\":[{\"@type\":\"ReadAction\",\"target\":[\"https:\/\/dev.lascuevitasdelachata.com\/\"]}]},{\"@type\":\"BreadcrumbList\",\"@id\":\"https:\/\/dev.lascuevitasdelachata.com\/#breadcrumb\",\"itemListElement\":[{\"@type\":\"ListItem\",\"position\":1,\"name\":\"Portada\",\"item\":\"https:\/\/dev.lascuevitasdelachata.com\/\"},{\"@type\":\"ListItem\",\"position\":2,\"name\":\"Las Cuevitas de la Chata\"}]},{\"@type\":\"WebSite\",\"@id\":\"https:\/\/dev.lascuevitasdelachata.com\/#website\",\"url\":\"https:\/\/dev.lascuevitasdelachata.com\/\",\"name\":\"Las Cuevitas de la Chata\",\"description\":\"\",\"publisher\":{\"@id\":\"https:\/\/dev.lascuevitasdelachata.com\/#organization\"},\"potentialAction\":[{\"@type\":\"SearchAction\",\"target\":{\"@type\":\"EntryPoint\",\"urlTemplate\":\"https:\/\/dev.lascuevitasdelachata.com\/?s={search_term_string}\"},\"query-input\":\"required name=search_term_string\"}],\"inLanguage\":\"ca\"},{\"@type\":\"Organization\",\"@id\":\"https:\/\/dev.lascuevitasdelachata.com\/#organization\",\"name\":\"Las Cuevitas de la Chata\",\"url\":\"https:\/\/dev.lascuevitasdelachata.com\/\",\"logo\":{\"@type\":\"ImageObject\",\"inLanguage\":\"ca\",\"@id\":\"https:\/\/dev.lascuevitasdelachata.com\/#\/schema\/logo\/image\/\",\"url\":\"https:\/\/dev.lascuevitasdelachata.com\/wp-content\/uploads\/2023\/09\/logo-web.png\",\"contentUrl\":\"https:\/\/dev.lascuevitasdelachata.com\/wp-content\/uploads\/2023\/09\/logo-web.png\",\"width\":1000,\"height\":1000,\"caption\":\"Las Cuevitas de la Chata\"},\"image\":{\"@id\":\"https:\/\/dev.lascuevitasdelachata.com\/#\/schema\/logo\/image\/\"}}]}<\/script>\n<!-- \/ Yoast SEO plugin. -->","yoast_head_json":{"title":"Las Cuevitas de la Chata - Las Cuevitas de la Chata","robots":{"index":"noindex","follow":"follow","max-snippet":"max-snippet:-1","max-image-preview":"max-image-preview:large","max-video-preview":"max-video-preview:-1"},"og_locale":"ca_ES","og_type":"article","og_title":"Las Cuevitas de la Chata - Las Cuevitas de la Chata","og_description":"Lloguer de vacances a Calafat Descobreix Calafat! Lloga els nostres apartaments de vacances per viure unes vacances inoblidables. Situats al cor de Calafat, ofereixen comoditat, luxe i acc\u00e9s a platges precioses. Amb tarifes assequibles, garantim una estada \u00fanica en aquest parad\u00eds. Reserva ara i submergeix-te en la m\u00e0gia de Calafat! Troba la teva Cuevita Los [&hellip;]","og_url":"https:\/\/dev.lascuevitasdelachata.com\/","og_site_name":"Las Cuevitas de la Chata","article_modified_time":"2024-01-24T08:51:01+00:00","og_image":[{"url":"https:\/\/dev.lascuevitasdelachata.com\/wp-content\/uploads\/2021\/03\/cuevitas-chata-4-terraza.jpg"}],"twitter_card":"summary_large_image","twitter_misc":{"Temps estimat de lectura":"3 minuts"},"schema":{"@context":"https:\/\/schema.org","@graph":[{"@type":"WebPage","@id":"https:\/\/dev.lascuevitasdelachata.com\/","url":"https:\/\/dev.lascuevitasdelachata.com\/","name":"Las Cuevitas de la Chata - Las Cuevitas de la Chata","isPartOf":{"@id":"https:\/\/dev.lascuevitasdelachata.com\/#website"},"datePublished":"2020-03-26T12:07:34+00:00","dateModified":"2024-01-24T08:51:01+00:00","breadcrumb":{"@id":"https:\/\/dev.lascuevitasdelachata.com\/#breadcrumb"},"inLanguage":"ca","potentialAction":[{"@type":"ReadAction","target":["https:\/\/dev.lascuevitasdelachata.com\/"]}]},{"@type":"BreadcrumbList","@id":"https:\/\/dev.lascuevitasdelachata.com\/#breadcrumb","itemListElement":[{"@type":"ListItem","position":1,"name":"Portada","item":"https:\/\/dev.lascuevitasdelachata.com\/"},{"@type":"ListItem","position":2,"name":"Las Cuevitas de la Chata"}]},{"@type":"WebSite","@id":"https:\/\/dev.lascuevitasdelachata.com\/#website","url":"https:\/\/dev.lascuevitasdelachata.com\/","name":"Las Cuevitas de la Chata","description":"","publisher":{"@id":"https:\/\/dev.lascuevitasdelachata.com\/#organization"},"potentialAction":[{"@type":"SearchAction","target":{"@type":"EntryPoint","urlTemplate":"https:\/\/dev.lascuevitasdelachata.com\/?s={search_term_string}"},"query-input":"required name=search_term_string"}],"inLanguage":"ca"},{"@type":"Organization","@id":"https:\/\/dev.lascuevitasdelachata.com\/#organization","name":"Las Cuevitas de la Chata","url":"https:\/\/dev.lascuevitasdelachata.com\/","logo":{"@type":"ImageObject","inLanguage":"ca","@id":"https:\/\/dev.lascuevitasdelachata.com\/#\/schema\/logo\/image\/","url":"https:\/\/dev.lascuevitasdelachata.com\/wp-content\/uploads\/2023\/09\/logo-web.png","contentUrl":"https:\/\/dev.lascuevitasdelachata.com\/wp-content\/uploads\/2023\/09\/logo-web.png","width":1000,"height":1000,"caption":"Las Cuevitas de la Chata"},"image":{"@id":"https:\/\/dev.lascuevitasdelachata.com\/#\/schema\/logo\/image\/"}}]}},"_links":{"self":[{"href":"https:\/\/dev.lascuevitasdelachata.com\/ca\/wp-json\/wp\/v2\/pages\/7517","targetHints":{"allow":["GET"]}}],"collection":[{"href":"https:\/\/dev.lascuevitasdelachata.com\/ca\/wp-json\/wp\/v2\/pages"}],"about":[{"href":"https:\/\/dev.lascuevitasdelachata.com\/ca\/wp-json\/wp\/v2\/types\/page"}],"author":[{"embeddable":true,"href":"https:\/\/dev.lascuevitasdelachata.com\/ca\/wp-json\/wp\/v2\/users\/1"}],"replies":[{"embeddable":true,"href":"https:\/\/dev.lascuevitasdelachata.com\/ca\/wp-json\/wp\/v2\/comments?post=7517"}],"version-history":[{"count":9,"href":"https:\/\/dev.lascuevitasdelachata.com\/ca\/wp-json\/wp\/v2\/pages\/7517\/revisions"}],"predecessor-version":[{"id":7542,"href":"https:\/\/dev.lascuevitasdelachata.com\/ca\/wp-json\/wp\/v2\/pages\/7517\/revisions\/7542"}],"wp:attachment":[{"href":"https:\/\/dev.lascuevitasdelachata.com\/ca\/wp-json\/wp\/v2\/media?parent=7517"}],"curies":[{"name":"wp","href":"https:\/\/api.w.org\/{rel}","templated":true}]}}